{"id":2133,"date":"2025-09-02T12:49:34","date_gmt":"2025-09-02T10:49:34","guid":{"rendered":"https:\/\/flexser.net\/politica-de-privadesa\/"},"modified":"2025-11-17T10:37:46","modified_gmt":"2025-11-17T09:37:46","slug":"politica-de-privadesa","status":"publish","type":"page","link":"https:\/\/flexser.net\/ca\/politica-de-privadesa\/","title":{"rendered":"Pol\u00edtica de privacitat"},"content":{"rendered":"\t\t<div data-elementor-type=\"wp-page\" data-elementor-id=\"2133\" class=\"elementor elementor-2133 elementor-1943\" data-elementor-post-type=\"page\">\n\t\t\t\t<div class=\"elementor-element elementor-element-30211ad e-flex e-con-boxed e-con e-parent\" data-id=\"30211ad\" data-element_type=\"container\" data-e-type=\"container\" id=\"content\" data-settings=\"{&quot;background_background&quot;:&quot;classic&quot;}\" tabindex=\"-1\">\n\t\t\t\t\t<div class=\"e-con-inner\">\n\t\t\t\t\t<\/div>\n\t\t\t\t<\/div>\n\t\t<div class=\"elementor-element elementor-element-a5d296d e-flex e-con-boxed e-con e-parent\" data-id=\"a5d296d\" data-element_type=\"container\" data-e-type=\"container\">\n\t\t\t\t\t<div class=\"e-con-inner\">\n\t\t\t\t<div class=\"elementor-element elementor-element-148a2cb elementor-widget elementor-widget-text-editor\" data-id=\"148a2cb\" data-element_type=\"widget\" data-e-type=\"widget\" data-widget_type=\"text-editor.default\">\n\t\t\t\t<div class=\"elementor-widget-container\">\n\t\t\t\t\t\t\t\t\t<p><strong>IMPORTANT<\/strong>: li convidem al fet que llegeixi detingudament aquesta Declaraci\u00f3 de Privacitat per a con\u00e8ixer per qu\u00e8 recopilem les seves dades personals i com s\u00f3n processats aquestes dades per Servicios Externalizados Flexser, S.A., Pol.Ind. Can Roqueta, Ca n\u2019Alzina, 112, 08202 Sabadell, Barcelona , en relaci\u00f3 amb els assetjo\/s web que gestiona (d&#8217;ara endavant, els \u201cLlocs web\u201d). <\/p><p>Aquesta pol\u00edtica est\u00e0 subjecta a canvis pel que \u00e9s convenient consultar-la cada vegada que vost\u00e8 decideixi visitar-nos.<\/p><p>La present Pol\u00edtica de Privacitat va ser modificada el 29\/10\/2025.<\/p>\t\t\t\t\t\t\t\t<\/div>\n\t\t\t\t<\/div>\n\t\t\t\t<div class=\"elementor-element elementor-element-4c99ab6 elementor-widget elementor-widget-heading\" data-id=\"4c99ab6\" data-element_type=\"widget\" data-e-type=\"widget\" data-widget_type=\"heading.default\">\n\t\t\t\t<div class=\"elementor-widget-container\">\n\t\t\t\t\t<h2 class=\"elementor-heading-title elementor-size-default\">\u00c0MBIT <\/h2>\t\t\t\t<\/div>\n\t\t\t\t<\/div>\n\t\t\t\t<div class=\"elementor-element elementor-element-086c796 elementor-widget elementor-widget-text-editor\" data-id=\"086c796\" data-element_type=\"widget\" data-e-type=\"widget\" data-widget_type=\"text-editor.default\">\n\t\t\t\t<div class=\"elementor-widget-container\">\n\t\t\t\t\t\t\t\t\t<p>Aquesta declaraci\u00f3 de privacitat en l\u00ednia de Servicios Externalizados Flexser, S.A., \u00e9s p\u00fablica i accessible a tots els usuaris i clients de Servicios Externalizados Flexser, S.A., i s&#8217;aplica a tots els llocs web de Servicios Externalizados Flexser, S.A. sent flexser.net el lloc o domini principal.<\/p><p>Tamb\u00e9 s&#8217;aplica a aquells documents o missatges emesos per Servicios Externalizados Flexser, S.A. que enllacen a aquesta pol\u00edtica o declaraci\u00f3 de privacitat o, si escau, indiquen que s&#8217;accedeixi a ella perqu\u00e8 Vost\u00e8 conegui l&#8217;\u00fas que fa Servicios Externalizados Flexser, S.A. de les seves dades personals.<\/p><p>A continuaci\u00f3, l&#8217;informem de manera general sobre els usos de la seva informaci\u00f3 personal. Posteriorment es detallen aquests usos i tractaments. <\/p>\t\t\t\t\t\t\t\t<\/div>\n\t\t\t\t<\/div>\n\t\t\t\t<div class=\"elementor-element elementor-element-f500d27 elementor-widget elementor-widget-heading\" data-id=\"f500d27\" data-element_type=\"widget\" data-e-type=\"widget\" data-widget_type=\"heading.default\">\n\t\t\t\t<div class=\"elementor-widget-container\">\n\t\t\t\t\t<h2 class=\"elementor-heading-title elementor-size-default\">INFORMACI\u00d3 PERSONAL QUE RECOLLIM <\/h2>\t\t\t\t<\/div>\n\t\t\t\t<\/div>\n\t\t\t\t<div class=\"elementor-element elementor-element-67cb395 elementor-widget elementor-widget-text-editor\" data-id=\"67cb395\" data-element_type=\"widget\" data-e-type=\"widget\" data-widget_type=\"text-editor.default\">\n\t\t\t\t<div class=\"elementor-widget-container\">\n\t\t\t\t\t\t\t\t\t<p>Informaci\u00f3 sobre l&#8217;\u00fas de dades de car\u00e0cter personal, segons el que es disposa en el Reglament (UE) 2016\/679 del Parlament Europeu i del Consell de 27 d&#8217;abril de 2016 relatiu a la protecci\u00f3 de les persones f\u00edsiques, pel que fa al tractament de dades personals i a la lliure circulaci\u00f3 d&#8217;aquestes dades (RGPD) i la Llei org\u00e0nica 3\/2018, de 5 de desembre, de Protecci\u00f3 de Dades Personals i Garantia dels Drets Digitals, que adapta el Reglament a l&#8217;ordenament jur\u00eddic espanyol i completa i desenvolupa les seves disposicions (LOPDGDD).<\/p><p>Servicios Externalizados Flexser, S.A. respecta el seu dret a la intimitat i aplica tota la normativa vigent a fi de protegir les dades personals dels seus clients i usuaris.<\/p><p>Les seves dades personals s\u00f3n tractats amb la m\u00e0xima confidencialitat, havent adoptat Servicios Externalizados Flexser, S.A., com a Responsable del Tractament, les mesures d&#8217;ordre t\u00e8cnic i organitzatiu necess\u00e0ries per a garantir la confidencialitat i seguretat de les dades personals, evitant la seva alteraci\u00f3, p\u00e8rdua, tractament o acc\u00e9s no autoritzat.<\/p><p>Perqu\u00e8 Vost\u00e8 pugui rebre informaci\u00f3 i, si escau, poder reservar o usar els productes i serveis que Servicios Externalizados Flexser, S.A. ofereix a trav\u00e9s dels Llocs web de Servicios Externalizados Flexser, S.A., \u00e9s necessari que ens informi de certes dades personals necess\u00e0ries per a poder, aix\u00ed, personalitzar-li els nostres serveis i ajustar-los als seus interessos i necessitats.<\/p><p>Li recordem que \u00e9s deure de l&#8217;usuari fer-nos saber qualsevol canvi que es produeixi en les seves dades, a Servicios Externalizados Flexser, S.A., i que hagu\u00e9s registrat els nostres llocs, per a procedir al seu manteniment en els fitxers corresponents.<\/p><p>Per a millorar els serveis que li oferim, \u00e9s possible que en finalitzar el servei que li prestem, rebi una enquesta de satisfacci\u00f3. En ella se li demanar\u00e0 una valoraci\u00f3 dels serveis rebuts i un breu comentari sobre l&#8217;experi\u00e8ncia viscuda. <\/p><p>Recopilem la seva informaci\u00f3 personal per diversos motius:<\/p><ul><li>Atendre sol\u00b7licituds de serveis<\/li><li>Realitzaci\u00f3 dels serveis<\/li><li>Confecci\u00f3 de pressupostos<\/li><li>Enviar-li missatges d&#8217;estat dels serveis en curs<\/li><li>Enviament de promocions que considerem interessants per als nostres clients<\/li><li>Enquestes de qualitat i de satisfacci\u00f3 per a la millora dels serveis que realitza Servicios Externalizados Flexser, S.A.<\/li><\/ul>\t\t\t\t\t\t\t\t<\/div>\n\t\t\t\t<\/div>\n\t\t\t\t<div class=\"elementor-element elementor-element-cd4a597 elementor-widget elementor-widget-text-editor\" data-id=\"cd4a597\" data-element_type=\"widget\" data-e-type=\"widget\" data-widget_type=\"text-editor.default\">\n\t\t\t\t<div class=\"elementor-widget-container\">\n\t\t\t\t\t\t\t\t\t<p>A m\u00e9s, podem recopilar informaci\u00f3 relacionada amb el seu \u00fas dels nostres llocs web a trav\u00e9s de diverses tecnologies, com l&#8217;\u00fas de cookies.<\/p><p>Podr\u00e0 revocar aquest consentiment en qualsevol moment, aix\u00ed com exercitar els seus drets d&#8217;acc\u00e9s, rectificaci\u00f3, supressi\u00f3, limitaci\u00f3 del tractament, oblit, portabilitat de dades i oposici\u00f3 pels mitjans indicats en el cap\u00edtol \u201cEXERCICI DE DRETS\u201d del present document.<\/p>\t\t\t\t\t\t\t\t<\/div>\n\t\t\t\t<\/div>\n\t\t\t\t<div class=\"elementor-element elementor-element-c8ecd54 elementor-widget elementor-widget-heading\" data-id=\"c8ecd54\" data-element_type=\"widget\" data-e-type=\"widget\" data-widget_type=\"heading.default\">\n\t\t\t\t<div class=\"elementor-widget-container\">\n\t\t\t\t\t<h2 class=\"elementor-heading-title elementor-size-default\">M\u00c8TODES DE RECOLLIDA <\/h2>\t\t\t\t<\/div>\n\t\t\t\t<\/div>\n\t\t\t\t<div class=\"elementor-element elementor-element-a6512fe elementor-widget elementor-widget-text-editor\" data-id=\"a6512fe\" data-element_type=\"widget\" data-e-type=\"widget\" data-widget_type=\"text-editor.default\">\n\t\t\t\t<div class=\"elementor-widget-container\">\n\t\t\t\t\t\t\t\t\t<p>Servicios Externalizados Flexser, S.A. recull dades personals a trav\u00e9s de diversos canals: en el lloc web flexser.net; en el centre d&#8217;atenci\u00f3 telef\u00f2nica de Servicios Externalizados Flexser, S.A.; en els mateixos centres f\u00edsics de Servicios Externalizados Flexser, S.A., a l&#8217;hora de sol\u00b7licitar un pressupost o un servei; en la p\u00e0gina de Servicios Externalizados Flexser, S.A.<\/p><p>En tot cas i sempre que sigui aplicable li donarem l&#8217;opci\u00f3 de negar-se al fet que usem les seves dades amb finalitats d&#8217;enviaments o comunicacions publicit\u00e0ries.<\/p>\t\t\t\t\t\t\t\t<\/div>\n\t\t\t\t<\/div>\n\t\t\t\t<div class=\"elementor-element elementor-element-40f04b7 elementor-widget elementor-widget-heading\" data-id=\"40f04b7\" data-element_type=\"widget\" data-e-type=\"widget\" data-widget_type=\"heading.default\">\n\t\t\t\t<div class=\"elementor-widget-container\">\n\t\t\t\t\t<h2 class=\"elementor-heading-title elementor-size-default\">COMUNICACI\u00d3 A TERCERS <\/h2>\t\t\t\t<\/div>\n\t\t\t\t<\/div>\n\t\t\t\t<div class=\"elementor-element elementor-element-f03a35d elementor-widget elementor-widget-text-editor\" data-id=\"f03a35d\" data-element_type=\"widget\" data-e-type=\"widget\" data-widget_type=\"text-editor.default\">\n\t\t\t\t<div class=\"elementor-widget-container\">\n\t\t\t\t\t\t\t\t\t<p>Per a la gesti\u00f3 i compliment de l&#8217;objecte del contracte, pot resultar necessari (i obligatori per a la prestaci\u00f3 del servei), que les seves dades, hagin de ser comunicats a prove\u00efdors com ara:<\/p><ul><li>Empreses col\u00b7laboradores a nivell de gesti\u00f3 de RH, com poden ser gestories i\/o despatxos d&#8217;advocats.<\/li><li>Empreses de serveis inform\u00e0tics, tercers que ens ajuden a proporcionar serveis digitals i de comer\u00e7 electr\u00f2nic, CRM, an\u00e0lisi web i motor de cerca, entre altres.<\/li><li>Terceres empreses de transports, per exemple, serveis postals, missatgeria, etc.<\/li><li>Tercers que ens ajuden a proporcionar serveis de TIC, com a prove\u00efdors de plataforma, serveis d&#8217;allotjament, manteniment i suport en les nostres bases de dades, aix\u00ed com en el nostre programari i aplicacions que poden contenir dades sobre vost\u00e8.<\/li><\/ul>\t\t\t\t\t\t\t\t<\/div>\n\t\t\t\t<\/div>\n\t\t\t\t<div class=\"elementor-element elementor-element-e99bbac elementor-widget elementor-widget-text-editor\" data-id=\"e99bbac\" data-element_type=\"widget\" data-e-type=\"widget\" data-widget_type=\"text-editor.default\">\n\t\t\t\t<div class=\"elementor-widget-container\">\n\t\t\t\t\t\t\t\t\t<p>Totes aquestes terceres empreses s\u00f3n de la nostra m\u00e0xima confian\u00e7a. A les mateixes nom\u00e9s se&#8217;ls proporciona la informaci\u00f3 indispensable necess\u00e0ria per a realitzar el servei contractat per vost\u00e8 i en el contracte subscrit entre aquestes empreses i Servicios Externalizados Flexser, S.A. est\u00e0 expl\u00edcitament establert que no poden usar les seves dades personals per a cap altre prop\u00f2sit del contractat per vost\u00e8. Sempre fem el nostre major esfor\u00e7 per a garantir que tots els tercers amb els quals treballem mantinguin la seguretat de les seves dades personals.  <\/p><p>Addicionalment, en el marc de la normativa vigent o de la relaci\u00f3 contractual que mantingui amb Servicios Externalizados Flexser, S.A., determinades dades podran ser comunicats a:<\/p><ul><li>Administracions p\u00fabliques amb compet\u00e8ncia en els sectors d&#8217;activitat de Servicios Externalizados Flexser, S.A., quan aix\u00ed ho estableixi la normativa vigent.<\/li><li>Les Forces i Cossos de Seguretat de l&#8217;Estat, en compliment del que s&#8217;estableix per la llei.<\/li><li>Bancs i entitats financeres per a la gesti\u00f3 de cobraments i pagaments dels serveis oferts.<\/li><li>Professionals de l&#8217;\u00e0mbit jur\u00eddic, quan aquesta comunicaci\u00f3 sigui legalment requerida o necess\u00e0ria per a l&#8217;execuci\u00f3 dels serveis contractats.<\/li><\/ul>\t\t\t\t\t\t\t\t<\/div>\n\t\t\t\t<\/div>\n\t\t\t\t<div class=\"elementor-element elementor-element-daee084 elementor-widget elementor-widget-text-editor\" data-id=\"daee084\" data-element_type=\"widget\" data-e-type=\"widget\" data-widget_type=\"text-editor.default\">\n\t\t\t\t<div class=\"elementor-widget-container\">\n\t\t\t\t\t\t\t\t\tNo es procedir\u00e0 a la cessi\u00f3 de dades personals a tercers, excepte en els casos contemplats anteriorment, per obligaci\u00f3 legal o requeriment judicial. \t\t\t\t\t\t\t\t<\/div>\n\t\t\t\t<\/div>\n\t\t\t\t<div class=\"elementor-element elementor-element-f077661 elementor-widget elementor-widget-heading\" data-id=\"f077661\" data-element_type=\"widget\" data-e-type=\"widget\" data-widget_type=\"heading.default\">\n\t\t\t\t<div class=\"elementor-widget-container\">\n\t\t\t\t\t<h2 class=\"elementor-heading-title elementor-size-default\">TRACTAMENTS I USOS <\/h2>\t\t\t\t<\/div>\n\t\t\t\t<\/div>\n\t\t\t\t<div class=\"elementor-element elementor-element-25d5fea elementor-widget elementor-widget-text-editor\" data-id=\"25d5fea\" data-element_type=\"widget\" data-e-type=\"widget\" data-widget_type=\"text-editor.default\">\n\t\t\t\t<div class=\"elementor-widget-container\">\n\t\t\t\t\t\t\t\t\t<p>Vost\u00e8 podr\u00e0 revocar en tot moment l&#8217;autoritzaci\u00f3 que hagi atorgat a fi de permetre que les seves dades siguin utilitzades d&#8217;una manera espec\u00edfica. Aquesta revocaci\u00f3 d&#8217;autoritzaci\u00f3 no podr\u00e0 tenir efecte retroactiu. <\/p><p><strong>Realitzaci\u00f3 i gesti\u00f3 del servei contractat i facturaci\u00f3<\/strong><\/p><p>Sense les dades sol\u00b7licitades no ser\u00e0 possible la realitzaci\u00f3 del servei.<\/p><p>Les dades personals, aix\u00ed com els relatius al servei seran conservats en els nostres fitxers durant el temps necessari per a poder fer efectiva la garantia del servei prestat (5 anys).<\/p><p>Les dades relatives a la facturaci\u00f3 del servei seran conservats en els nostres fitxers durant el temps necessari per a complir amb les obligacions legals i fiscals aplicables als serveis realitzats per Servicios Externalizados Flexser, S.A. (5 anys + l&#8217;any en curs).<\/p><p>Sobre aquest tractament de dades, Vost\u00e8 podr\u00e0, en cas que ho consideri necessari, exercir els seg\u00fcents drets:<\/p><ul><li>D&#8217;acc\u00e9s per a con\u00e8ixer quines dades conservem i tractem.<\/li><li>De rectificaci\u00f3 en el cas que consideri que les dades no s\u00f3n correctes o b\u00e9 perqu\u00e8 han canviat (per exemple, les seves dades de contacte).<\/li><\/ul>\t\t\t\t\t\t\t\t<\/div>\n\t\t\t\t<\/div>\n\t\t\t\t<div class=\"elementor-element elementor-element-40c0499 elementor-widget elementor-widget-text-editor\" data-id=\"40c0499\" data-element_type=\"widget\" data-e-type=\"widget\" data-widget_type=\"text-editor.default\">\n\t\t\t\t<div class=\"elementor-widget-container\">\n\t\t\t\t\t\t\t\t\t<p><strong>Tractament de consultes<\/strong><\/p><p>Les dades personals, de contacte, imatges, seran conservats en els nostres fitxers durant el temps necessari per a poder realitzar la gesti\u00f3 sol\u00b7licitada.<\/p><p>Sobre aquest tractament de dades, Vost\u00e8 podr\u00e0, en cas que ho consideri necessari, exercir els seg\u00fcents drets:<\/p><ul><li>D&#8217;acc\u00e9s per a con\u00e8ixer quines dades conservem i tractem.<\/li><li>D&#8217;oposici\u00f3 i limitaci\u00f3, perqu\u00e8 les dades personals no siguin tractats -des que es tramiti la seva sol\u00b7licitud- per a la finalitat del servei d&#8217;informaci\u00f3.<\/li><li>De rectificaci\u00f3 en el cas que consideri que les dades no s\u00f3n correctes o b\u00e9 perqu\u00e8 han canviat.<\/li><li>D&#8217;esborrat o supressi\u00f3 en cas que ens retiri el seu consentiment per a aquest tractament.<\/li><\/ul>\t\t\t\t\t\t\t\t<\/div>\n\t\t\t\t<\/div>\n\t\t\t\t<div class=\"elementor-element elementor-element-955c3c8 elementor-widget elementor-widget-text-editor\" data-id=\"955c3c8\" data-element_type=\"widget\" data-e-type=\"widget\" data-widget_type=\"text-editor.default\">\n\t\t\t\t<div class=\"elementor-widget-container\">\n\t\t\t\t\t\t\t\t\t<p><strong>Servei de Qualitat<\/strong><\/p><p>Per a complir amb els nostres compromisos de qualitat amb el client, puntualment realitzem una enquesta destinada a con\u00e8ixer la satisfacci\u00f3 amb els treballs realitzats als nostres clients i usuaris per a, aix\u00ed, poder millorar els nostres serveis.<\/p><p>Aquestes enquestes s&#8217;efectuen per mitjans electr\u00f2nics (es rep un e-mail amb enlla\u00e7 a la web on es realitza l&#8217;enquesta) i en elles no es recull cap dada personal addicional als quals Vost\u00e8 ens hagi proporcionat pr\u00e8viament.<\/p><p>En qualsevol cas, les dades personals de contacte recopilats amb la finalitat d&#8217;enviar-li l&#8217;enquesta de qualitat \u00fanicament seran utilitzats si vost\u00e8 ens atorga el seu consentiment expl\u00edcit.<\/p><p>Les dades personals referents a aquest tractament seran conservats per a aix\u00f2 durant 3 mesos.<\/p><p>Sobre aquest tractament de dades Vost\u00e8 podr\u00e0, en cas que ho consideri necessari, exercir els seg\u00fcents drets:<\/p><ul><li>D&#8217;oposici\u00f3 i limitaci\u00f3, perqu\u00e8 les dades personals no siguin tractats -des que es tramiti la seva sol\u00b7licitud- per a la finalitat del servei de qualitat.<\/li><li>De rectificaci\u00f3 en el cas que consideri que les dades no s\u00f3n correctes o b\u00e9 perqu\u00e8 han canviat.<\/li><\/ul>\t\t\t\t\t\t\t\t<\/div>\n\t\t\t\t<\/div>\n\t\t\t\t<div class=\"elementor-element elementor-element-f325b28 elementor-widget elementor-widget-text-editor\" data-id=\"f325b28\" data-element_type=\"widget\" data-e-type=\"widget\" data-widget_type=\"text-editor.default\">\n\t\t\t\t<div class=\"elementor-widget-container\">\n\t\t\t\t\t\t\t\t\t<p><strong>Informaci\u00f3 sobre els serveis de Servicios Externalizados Flexser, S.A.<\/strong><\/p><p>Per a mantenir-li informat sobre els serveis de prestats per Servicios Externalizados Flexser, S.A. i de les promocions puntuals, requerim tractar les seves dades de contacte.<\/p><p>D&#8217;altra banda, en cada comunicaci\u00f3 enviada se li oferir\u00e0 l&#8217;oportunitat de donar-se de baixa d&#8217;aquestes; addicionalment vost\u00e8 pot exercir els drets indicats a continuaci\u00f3 en qualsevol moment.<\/p><p>Sobre aquest tractament de dades Vost\u00e8 podr\u00e0, en cas que ho consideri necessari, exercir els seg\u00fcents drets:<\/p><ul><li>D&#8217;oposici\u00f3 i limitaci\u00f3, perqu\u00e8 les dades personals no siguin tractats -des que es tramiti la seva sol\u00b7licitud- per a la finalitat del servei d&#8217;informaci\u00f3.<\/li><li>De rectificaci\u00f3 en el cas que consideri que les dades no s\u00f3n correctes o b\u00e9 perqu\u00e8 han canviat.<\/li><li>D&#8217;esborrat o supressi\u00f3 en cas que ens retiri el seu consentiment per a aquest tractament.<\/li><\/ul>\t\t\t\t\t\t\t\t<\/div>\n\t\t\t\t<\/div>\n\t\t\t\t<div class=\"elementor-element elementor-element-04e59a7 elementor-widget elementor-widget-text-editor\" data-id=\"04e59a7\" data-element_type=\"widget\" data-e-type=\"widget\" data-widget_type=\"text-editor.default\">\n\t\t\t\t<div class=\"elementor-widget-container\">\n\t\t\t\t\t\t\t\t\t<p><strong>Elaboraci\u00f3 de pressupostos<\/strong><\/p><p>Les dades que Vost\u00e8 ens proporcioni, per a l&#8217;elaboraci\u00f3 del pressupost, es mantindran en els nostres fitxers fins que Vost\u00e8 ens informi de la declinaci\u00f3 de la seva execuci\u00f3 o fins a passats 2 anys, una vegada transcorregut aquest termini seran esborrats. En un altre cas passaran a formar part del tractament de Realitzaci\u00f3 del Servei. <\/p><p>Sobre aquest tractament de dades Vost\u00e8 podr\u00e0, en cas que ho consideri necessari, exercir els seg\u00fcents drets:<\/p><ul><li>D&#8217;acc\u00e9s per a con\u00e8ixer quines dades conservem i tractem.<\/li><li>De rectificaci\u00f3 en el cas que consideri que les dades no s\u00f3n correctes o b\u00e9 perqu\u00e8 han canviat (per exemple, les seves dades de contacte).<\/li><li>D&#8217;esborrat en el cas que desestimi definitivament l&#8217;actuaci\u00f3 pressupostada per Servicios Externalizados Flexser, S.A.<\/li><\/ul>\t\t\t\t\t\t\t\t<\/div>\n\t\t\t\t<\/div>\n\t\t\t\t<div class=\"elementor-element elementor-element-2c32ed1 elementor-widget elementor-widget-text-editor\" data-id=\"2c32ed1\" data-element_type=\"widget\" data-e-type=\"widget\" data-widget_type=\"text-editor.default\">\n\t\t\t\t<div class=\"elementor-widget-container\">\n\t\t\t\t\t\t\t\t\t<p><strong>Estudi de candidatures d&#8217;ocupaci\u00f3<\/strong><\/p><p>Les dades que Vost\u00e8 ens proporcioni, per a participar en els nostres processos de selecci\u00f3 de personal, en cas de ser Vost\u00e8 seleccionat per a la seg\u00fcent fase, li comunicarem tal decisi\u00f3. Les dades per Vost\u00e8 proporcionats es conservaran durant un temps m\u00e0xim d&#8217;1 any passat el qual seran eliminats. <\/p><p>Sobre aquest tractament de dades Vost\u00e8 podr\u00e0, en cas que ho consideri necessari, exercir els seg\u00fcents drets:<\/p><ul><li>D&#8217;acc\u00e9s per a con\u00e8ixer quines dades conservem i tractem.<\/li><li>De rectificaci\u00f3 en el cas que consideri que les dades no s\u00f3n correctes o b\u00e9 perqu\u00e8 han canviat (per exemple, les seves dades de contacte).<\/li><li>D&#8217;esborrat o supressi\u00f3 en cas que ens retiri el seu consentiment per a aquest tractament.<\/li><\/ul>\t\t\t\t\t\t\t\t<\/div>\n\t\t\t\t<\/div>\n\t\t\t\t<div class=\"elementor-element elementor-element-5e87f39 elementor-widget elementor-widget-text-editor\" data-id=\"5e87f39\" data-element_type=\"widget\" data-e-type=\"widget\" data-widget_type=\"text-editor.default\">\n\t\t\t\t<div class=\"elementor-widget-container\">\n\t\t\t\t\t\t\t\t\t<p><strong>Navegaci\u00f3<\/strong><\/p><p>En navegar per Servicios Externalizados Flexser, S.A. es poden recollir dades no identificables, que poden incloure, adreces IP, ubicaci\u00f3 geogr\u00e0fica (aproximadament), un registre de com s&#8217;utilitzen els serveis i llocs, i altres dades que no poden ser utilitzats per a identificar a l&#8217;usuari. Entre les dades no identificatives estan tamb\u00e9 els relacionats als teus h\u00e0bits de navegaci\u00f3 a trav\u00e9s de serveis de tercers. <\/p><p>Utilitzem aquesta informaci\u00f3 per a analitzar tend\u00e8ncies, administrar el lloc, rastrejar els moviments dels usuaris al voltant del lloc i per a recopilar informaci\u00f3 demogr\u00e0fica sobre la nostra base d&#8217;usuaris en el seu conjunt.<\/p>\t\t\t\t\t\t\t\t<\/div>\n\t\t\t\t<\/div>\n\t\t\t\t<div class=\"elementor-element elementor-element-971e1f2 elementor-widget elementor-widget-text-editor\" data-id=\"971e1f2\" data-element_type=\"widget\" data-e-type=\"widget\" data-widget_type=\"text-editor.default\">\n\t\t\t\t<div class=\"elementor-widget-container\">\n\t\t\t\t\t\t\t\t\t<p><strong>Servei reCAPTCHA<\/strong><\/p><p>L&#8217;adre\u00e7a IP de navegaci\u00f3 ser\u00e0 enviada a Google com a part del sistema per a poder destriar un hum\u00e0 d&#8217;un sistema de farciment i enviament de formularis automatitzat.<\/p><p>Tots els detalls sobre la pol\u00edtica de privacitat de Google es poden llegir en la p\u00e0gina <a href=\"https:\/\/policies.google.com\/privacy?hl=es\">https:\/\/policies.google.com\/privacy?hl=es <\/a> <\/p>\t\t\t\t\t\t\t\t<\/div>\n\t\t\t\t<\/div>\n\t\t\t\t<div class=\"elementor-element elementor-element-eac9546 elementor-widget elementor-widget-heading\" data-id=\"eac9546\" data-element_type=\"widget\" data-e-type=\"widget\" data-widget_type=\"heading.default\">\n\t\t\t\t<div class=\"elementor-widget-container\">\n\t\t\t\t\t<h2 class=\"elementor-heading-title elementor-size-default\">LEGITIMACI\u00d3 PER AL TRACTAMENT DE LES SEVES DADES <\/h2>\t\t\t\t<\/div>\n\t\t\t\t<\/div>\n\t\t\t\t<div class=\"elementor-element elementor-element-5d9a4d9 elementor-widget elementor-widget-text-editor\" data-id=\"5d9a4d9\" data-element_type=\"widget\" data-e-type=\"widget\" data-widget_type=\"text-editor.default\">\n\t\t\t\t<div class=\"elementor-widget-container\">\n\t\t\t\t\t\t\t\t\t<p>El tractament de les dades personals que realitzem en Servicios Externalizados Flexser, S.A. es fonamenta en diferents bases jur\u00eddiques, depenent de la finalitat per a la qual siguin utilitzats:<\/p><p><strong>Execuci\u00f3 d&#8217;un contracte o aplicaci\u00f3 de mesures precontractuals:<\/strong><\/p><ul><li>Per a la realitzaci\u00f3 i gesti\u00f3 del servei contractat i facturaci\u00f3, \u00e9s necessari tractar les dades personals de l&#8217;usuari. Sense aquesta informaci\u00f3, no seria possible la prestaci\u00f3 del servei. <\/li><li>Per a l&#8217;elaboraci\u00f3 de pressupostos, tractem les dades proporcionades amb la finalitat de gestionar la proposta econ\u00f2mica, conservant-los fins que l&#8217;usuari decideixi no continuar amb l&#8217;execuci\u00f3 o fins a un m\u00e0xim de dos anys.<\/li><li>Per a la gesti\u00f3 de candidatures d&#8217;ocupaci\u00f3, tractem les dades dels candidats en processos de selecci\u00f3, emmagatzemant-los durant un m\u00e0xim d&#8217;un any en cas de no ser seleccionats.<\/li><\/ul>\t\t\t\t\t\t\t\t<\/div>\n\t\t\t\t<\/div>\n\t\t\t\t<div class=\"elementor-element elementor-element-51a0b3a elementor-widget elementor-widget-text-editor\" data-id=\"51a0b3a\" data-element_type=\"widget\" data-e-type=\"widget\" data-widget_type=\"text-editor.default\">\n\t\t\t\t<div class=\"elementor-widget-container\">\n\t\t\t\t\t\t\t\t\t<p><strong>Compliment d&#8217;una obligaci\u00f3 legal:<\/strong><\/p><ul><li>Les dades relacionades amb la facturaci\u00f3 es conserven durant el temps necessari per a complir amb les obligacions legals i fiscals establertes (5 anys m\u00e9s l&#8217;any en curs).<\/li><\/ul>\t\t\t\t\t\t\t\t<\/div>\n\t\t\t\t<\/div>\n\t\t\t\t<div class=\"elementor-element elementor-element-fa9da61 elementor-widget elementor-widget-text-editor\" data-id=\"fa9da61\" data-element_type=\"widget\" data-e-type=\"widget\" data-widget_type=\"text-editor.default\">\n\t\t\t\t<div class=\"elementor-widget-container\">\n\t\t\t\t\t\t\t\t\t<p><strong>Inter\u00e8s leg\u00edtim de Servicios Externalizados Flexser, S.A.:<\/strong><\/p><ul><li>Per a la gesti\u00f3 de consultes, emmagatzemem les dades personals fins a completar l&#8217;atenci\u00f3 requerida.<\/li><li>Per a l&#8217;avaluaci\u00f3 de la qualitat del servei, realitzem enquestes de satisfacci\u00f3 amb l&#8217;objectiu de millorar els nostres serveis. Aquestes dades es tracten \u00fanicament si l&#8217;usuari ha atorgat el seu consentiment. <\/li><li>Per a l&#8217;an\u00e0lisi de la navegaci\u00f3 en la nostra web, recopilem dades no identificatives a trav\u00e9s d&#8217;eines de tercers, amb la finalitat de millorar l&#8217;experi\u00e8ncia de l&#8217;usuari i optimitzar el lloc web.<\/li><\/ul>\t\t\t\t\t\t\t\t<\/div>\n\t\t\t\t<\/div>\n\t\t\t\t<div class=\"elementor-element elementor-element-30b03a0 elementor-widget elementor-widget-text-editor\" data-id=\"30b03a0\" data-element_type=\"widget\" data-e-type=\"widget\" data-widget_type=\"text-editor.default\">\n\t\t\t\t<div class=\"elementor-widget-container\">\n\t\t\t\t\t\t\t\t\t<p><strong>Consentiment de l&#8217;usuari:<\/strong><\/p><ul><li>Per a l&#8217;enviament de comunicacions comercials i promocions, tractem les dades de contacte \u00fanicament si l&#8217;usuari ha donat el seu consentiment expl\u00edcit. Aquest consentiment pot ser revocat en qualsevol moment, sense efecte retroactiu. <\/li><li>Per a la realitzaci\u00f3 d&#8217;enquestes de qualitat, nom\u00e9s s&#8217;envien si l&#8217;usuari ha acceptat rebre-les.<\/li><\/ul>\t\t\t\t\t\t\t\t<\/div>\n\t\t\t\t<\/div>\n\t\t\t\t<div class=\"elementor-element elementor-element-c36b2b8 elementor-widget elementor-widget-text-editor\" data-id=\"c36b2b8\" data-element_type=\"widget\" data-e-type=\"widget\" data-widget_type=\"text-editor.default\">\n\t\t\t\t<div class=\"elementor-widget-container\">\n\t\t\t\t\t\t\t\t\tEn qualsevol cas, l&#8217;usuari podr\u00e0 exercir els seus drets d&#8217;acc\u00e9s, rectificaci\u00f3, supressi\u00f3, limitaci\u00f3, oposici\u00f3 i portabilitat en els termes establerts per la normativa de protecci\u00f3 de dades. \t\t\t\t\t\t\t\t<\/div>\n\t\t\t\t<\/div>\n\t\t\t\t<div class=\"elementor-element elementor-element-a757969 elementor-widget elementor-widget-heading\" data-id=\"a757969\" data-element_type=\"widget\" data-e-type=\"widget\" data-widget_type=\"heading.default\">\n\t\t\t\t<div class=\"elementor-widget-container\">\n\t\t\t\t\t<h2 class=\"elementor-heading-title elementor-size-default\">TIPUS DE DADES QUE TRACTEM <\/h2>\t\t\t\t<\/div>\n\t\t\t\t<\/div>\n\t\t\t\t<div class=\"elementor-element elementor-element-03e0c10 elementor-widget elementor-widget-text-editor\" data-id=\"03e0c10\" data-element_type=\"widget\" data-e-type=\"widget\" data-widget_type=\"text-editor.default\">\n\t\t\t\t<div class=\"elementor-widget-container\">\n\t\t\t\t\t\t\t\t\t<p>D&#8217;acord amb les finalitats esmentades anteriorment, en Servicios Externalizados Flexser, S.A. gestionem les seg\u00fcents categories de dades personals:<\/p><ul><li>Dades identificatives: nom, cognoms, adre\u00e7a postal, correu electr\u00f2nic, codi postal i n\u00famero de tel\u00e8fon.<\/li><li>Dades acad\u00e8miques i professionals: formaci\u00f3, titulacions, historial acad\u00e8mic, experi\u00e8ncia laboral i pertinen\u00e7a a col\u00b7legis o associacions professionals, en el context de processos de selecci\u00f3.<\/li><li>Dades de tr\u00e0nsit i ubicaci\u00f3.<\/li><li>Metadades derivades de comunicacions electr\u00f2niques.<\/li><li>Informaci\u00f3 comercial.<\/li><li>Dades econ\u00f2miques, financers i bancaris.<\/li><\/ul>\t\t\t\t\t\t\t\t<\/div>\n\t\t\t\t<\/div>\n\t\t\t\t<div class=\"elementor-element elementor-element-1c72ba5 elementor-widget elementor-widget-text-editor\" data-id=\"1c72ba5\" data-element_type=\"widget\" data-e-type=\"widget\" data-widget_type=\"text-editor.default\">\n\t\t\t\t<div class=\"elementor-widget-container\">\n\t\t\t\t\t\t\t\t\t<p>L&#8217;usuari es compromet a proporcionar informaci\u00f3 vera\u00e7, exacta, completa i actualitzada, assumint la responsabilitat per qualsevol perjudici que pogu\u00e9s derivar-se de l&#8217;incompliment d&#8217;aquesta obligaci\u00f3.<\/p><p>Si facilita dades de tercers, l&#8217;usuari declara comptar amb el seu consentiment i es compromet a informar-los sobre el contingut d&#8217;aquesta cl\u00e0usula, eximint a Servicios Externalizados Flexser, S.A. de qualsevol responsabilitat sobre aquest tema. No obstant aix\u00f2, Servicios Externalizados Flexser, S.A. podr\u00e0 realitzar les verificacions necess\u00e0ries per a confirmar el compliment d&#8217;aquest requisit, aplicant les mesures de dilig\u00e8ncia deguda conforme a la normativa de protecci\u00f3 de dades. <\/p>\t\t\t\t\t\t\t\t<\/div>\n\t\t\t\t<\/div>\n\t\t\t\t<div class=\"elementor-element elementor-element-25df08c elementor-widget elementor-widget-heading\" data-id=\"25df08c\" data-element_type=\"widget\" data-e-type=\"widget\" data-widget_type=\"heading.default\">\n\t\t\t\t<div class=\"elementor-widget-container\">\n\t\t\t\t\t<h2 class=\"elementor-heading-title elementor-size-default\">MESURES DE SEGURETAT QUE APLIQUEM PER A PROTEGIR LES DADES <\/h2>\t\t\t\t<\/div>\n\t\t\t\t<\/div>\n\t\t\t\t<div class=\"elementor-element elementor-element-95a0193 elementor-widget elementor-widget-text-editor\" data-id=\"95a0193\" data-element_type=\"widget\" data-e-type=\"widget\" data-widget_type=\"text-editor.default\">\n\t\t\t\t<div class=\"elementor-widget-container\">\n\t\t\t\t\t\t\t\t\t<p>A Servicios Externalizados Flexser, S.A., estem compromesos amb la protecci\u00f3 de les dades personals i la privacitat dels nostres usuaris. Per a garantir la seguretat de la informaci\u00f3 recollida en aquesta pol\u00edtica de privacitat, implementem mesures t\u00e8cniques i organitzatives que prevenen la seva p\u00e8rdua, manipulaci\u00f3, difusi\u00f3 o alteraci\u00f3. <\/p><p>Entre les mesures adoptades, destaquen:<\/p><ul><li>Encriptaci\u00f3 de les comunicacions entre el dispositiu de l&#8217;usuari i els nostres servidors.<\/li><li>Protecci\u00f3 perimetral de la informaci\u00f3 mitjan\u00e7ant firewall, antivirus corporatiu, c\u00f2pies de seguretat i sistemes operatius actualitzats en servidors i equips.<\/li><li>Altres mesures de seguretat que impedeixen l&#8217;acc\u00e9s no autoritzat a les dades dels usuaris.<\/li><\/ul>\t\t\t\t\t\t\t\t<\/div>\n\t\t\t\t<\/div>\n\t\t\t\t<div class=\"elementor-element elementor-element-b6339d6 elementor-widget elementor-widget-text-editor\" data-id=\"b6339d6\" data-element_type=\"widget\" data-e-type=\"widget\" data-widget_type=\"text-editor.default\">\n\t\t\t\t<div class=\"elementor-widget-container\">\n\t\t\t\t\t\t\t\t\t<p>En els casos en qu\u00e8 Servicios Externalizados Flexser, S.A. recorri a prove\u00efdors de serveis situats fora de la Uni\u00f3 Europea per al manteniment de la plataforma, les transfer\u00e8ncies internacionals de dades es realitzen conforme als est\u00e0ndards de seguretat i protecci\u00f3 de dades exigides per la normativa vigent, garantint la integritat i confidencialitat de la informaci\u00f3.<\/p>\t\t\t\t\t\t\t\t<\/div>\n\t\t\t\t<\/div>\n\t\t\t\t<div class=\"elementor-element elementor-element-837ce76 elementor-widget elementor-widget-heading\" data-id=\"837ce76\" data-element_type=\"widget\" data-e-type=\"widget\" data-widget_type=\"heading.default\">\n\t\t\t\t<div class=\"elementor-widget-container\">\n\t\t\t\t\t<h2 class=\"elementor-heading-title elementor-size-default\">reCAPTCHA <\/h2>\t\t\t\t<\/div>\n\t\t\t\t<\/div>\n\t\t\t\t<div class=\"elementor-element elementor-element-c86a0cc elementor-widget elementor-widget-text-editor\" data-id=\"c86a0cc\" data-element_type=\"widget\" data-e-type=\"widget\" data-widget_type=\"text-editor.default\">\n\t\t\t\t<div class=\"elementor-widget-container\">\n\t\t\t\t\t\t\t\t\t<p>Utilitzem el servei reCAPTCHA de Google Inc. (Google) per a protegir les dades enviades a trav\u00e9s dels formularis de les p\u00e0gines dels nostres usuaris. Aquest servei permet diferenciar les dades enviades per persones dels missatges automatitzats i suposa la transmissi\u00f3 de l&#8217;adre\u00e7a IP i altres dades requerides per Google per a l&#8217;\u00fas del servei reCAPTCHA. Amb tal finalitat, les dades seran transmeses a Google per a poder ser utilitzats. L&#8217;adre\u00e7a IP ser\u00e0 encriptada per Google en els estats membres de la Uni\u00f3 Europea aix\u00ed com en els estats associats a l&#8217;espai econ\u00f2mic europeu. Nom\u00e9s en alguns casos excepcionals, les adreces IP seran transmeses al servidor de Google als Estats Units per a la seva encriptaci\u00f3. En nom del propietari d&#8217;aquest lloc web, Google utilitzar\u00e0 aquestes informacions per a avaluar l&#8217;\u00fas del servei per part dels usuaris. L&#8217;adre\u00e7a IP transmesa per reCAPTCHA es mantindr\u00e0 separada d&#8217;altres dades de Google. Per a aquestes dades \u00e9s v\u00e0lida la pol\u00edtica de privacitat de Google. Tots els detalls sobre la pol\u00edtica de privacitat de Google es poden llegir en la p\u00e0gina https:\/\/policies.google.com\/privacy?hl=es         <\/p><p>En utilitzar el servei reCAPTCHA, l&#8217;usuari consent el tractament de les dades sobre ell dels quals Google disposa en la forma i prop\u00f2sits a dalt establerts.<\/p>\t\t\t\t\t\t\t\t<\/div>\n\t\t\t\t<\/div>\n\t\t\t\t<div class=\"elementor-element elementor-element-f23c5c2 elementor-widget elementor-widget-heading\" data-id=\"f23c5c2\" data-element_type=\"widget\" data-e-type=\"widget\" data-widget_type=\"heading.default\">\n\t\t\t\t<div class=\"elementor-widget-container\">\n\t\t\t\t\t<h2 class=\"elementor-heading-title elementor-size-default\">GOOGLE ANALYTICS <\/h2>\t\t\t\t<\/div>\n\t\t\t\t<\/div>\n\t\t\t\t<div class=\"elementor-element elementor-element-517fb78 elementor-widget elementor-widget-text-editor\" data-id=\"517fb78\" data-element_type=\"widget\" data-e-type=\"widget\" data-widget_type=\"text-editor.default\">\n\t\t\t\t<div class=\"elementor-widget-container\">\n\t\t\t\t\t\t\t\t\t<p>Aquesta p\u00e0gina web utilitza Google Analytics, un servei anal\u00edtic de web prestat per Google, Inc., una companyia de Delaware l&#8217;oficina principal de la qual aquesta en 1600 Amphitheatre Parkway, Mountain View (Calif\u00f2rnia), CA 94043, els Estats Units (&#8220;Google&#8221;).<\/p><p>Google Analytics utilitza &#8220;cookies&#8221;, que s\u00f3n arxius de text situats en el seu ordinador, per a ajudar el website a analitzar l&#8217;\u00fas que fan els usuaris del lloc web. La informaci\u00f3 que genera la cookie sobre el seu \u00fas del website (incloent la seva adre\u00e7a IP) ser\u00e0 directament transmesa i arxivada per Google en els servidors dels Estats Units. Google usar\u00e0 aquesta informaci\u00f3 per compte nostre amb el prop\u00f2sit de seguir la pista del seu \u00fas del website, recopilant informes de l&#8217;activitat del website i prestant altres serveis relacionats amb l&#8217;activitat del website i l&#8217;\u00fas d&#8217;Internet. Google podr\u00e0 transmetre aquesta informaci\u00f3 a tercers quan aix\u00ed li ho requereixi la legislaci\u00f3, o quan dits tercers processin la informaci\u00f3 per compte de Google. Google no associar\u00e0 la seva adre\u00e7a IP amb cap altra dada del qual disposi Google.   <\/p><p>Pot Vost\u00e8 rebutjar el tractament de les dades o la informaci\u00f3 rebutjant l&#8217;\u00fas de cookies mitjan\u00e7ant la selecci\u00f3 de la configuraci\u00f3 apropiada del seu navegador, no obstant aix\u00f2, deu Vost\u00e8 saber que si ho fa pot ser que no pugui usar la plena funcionalitat d&#8217;aquest website. En utilitzar aquest website Vost\u00e8 consent el tractament d&#8217;informaci\u00f3 sobre Vost\u00e8 per Google en la forma i per a les finalitats a dalt indicades. <\/p>\t\t\t\t\t\t\t\t<\/div>\n\t\t\t\t<\/div>\n\t\t\t\t<div class=\"elementor-element elementor-element-0161b00 elementor-widget elementor-widget-heading\" data-id=\"0161b00\" data-element_type=\"widget\" data-e-type=\"widget\" data-widget_type=\"heading.default\">\n\t\t\t\t<div class=\"elementor-widget-container\">\n\t\t\t\t\t<h2 class=\"elementor-heading-title elementor-size-default\">EXERCICI DE DRETS <\/h2>\t\t\t\t<\/div>\n\t\t\t\t<\/div>\n\t\t\t\t<div class=\"elementor-element elementor-element-8939877 elementor-widget elementor-widget-text-editor\" data-id=\"8939877\" data-element_type=\"widget\" data-e-type=\"widget\" data-widget_type=\"text-editor.default\">\n\t\t\t\t<div class=\"elementor-widget-container\">\n\t\t\t\t\t\t\t\t\t<p>En l\u00ednia amb la nostra filosofia, considerem fonamental la protecci\u00f3 de les teves dades personals. Per aix\u00f2, t&#8217;informem que, quant a la privacitat de les teves dades, t\u00e9 els seg\u00fcents drets: <\/p><ul><li><strong>Dret a la transpar\u00e8ncia de la informaci\u00f3<\/strong> que suposa rebre tota la informaci\u00f3 sobre com usem les seves dades personals de manera transparent, clara i redactada de manera senzilla. Si desitja exercir aquest dret, utilitzi algun dels canals que li indiquem al final d&#8217;aquesta secci\u00f3. <\/li><li><strong>Dret d&#8217;Acc\u00e9s: <\/strong> Vost\u00e8 t\u00e9 dret a con\u00e8ixer i a accedir a tots els seus personals que t\u00e9 la nostra empresa. Si desitja exercir aquest dret, utilitzi algun dels canals que li indiquem al final d&#8217;aquesta secci\u00f3. <\/li><li><strong>Dret de supressi\u00f3 (tamb\u00e9 conegut com a Dret a l&#8217;Oblit).<\/strong> Tota persona t\u00e9 el dret de sol\u00b7licitar l&#8217;eliminaci\u00f3 de la seva informaci\u00f3 personal dels prove\u00efdors de serveis en Internet, sempre que no existeixi una ra\u00f3 leg\u00edtima perqu\u00e8 aquestes dades siguin conservades. Si ho sol\u00b7licita, estem obligats a notificar a tercers amb els qui h\u00e0gim compartit les seves dades la necessitat d&#8217;eliminar qualsevol enlla\u00e7, c\u00f2pia o r\u00e8plica d&#8217;aquesta informaci\u00f3. El prop\u00f2sit \u00e9s eliminar de la xarxa i dels motors de cerca qualsevol rastre de les dades de la persona que desitja ser &#8220;oblidada&#8221; de manera definitiva. Si desitja exercir aquest dret, utilitzi algun dels canals que li indiquem al final d&#8217;aquesta secci\u00f3.   <\/li><li><strong>Dret de limitaci\u00f3:<\/strong> T\u00e9 dret a sol\u00b7licitar a la nostra empresa que limiti el tractament de les seves dades quan aquests siguin inexactes, el tractament sigui indegut, no sigui necessari per als nostres fins, o si ha presentat una objecci\u00f3 segons l&#8217;article 21, apartat 1 del RGPD, mentre es determina si els motius leg\u00edtims de la nostra empresa prevalen sobre els seus interessos. Si desitja exercir aquest dret, utilitzi algun dels canals que li indiquem al final d&#8217;aquesta secci\u00f3. <\/li><li><strong>Dret de portabilitat de les dades:<\/strong> El Reglament Europeu de Protecci\u00f3 de Dades, juntament amb la Llei org\u00e0nica 3\/2018 de Protecci\u00f3 de Dades Personals i Garantia de Drets Digitals, que ho implementa a Espanya, i la Llei 34\/2002, de l&#8217;11 de juliol, de Serveis de la Societat de la Informaci\u00f3 i del Comer\u00e7 Electr\u00f2nic (*LSSI), contempla la possibilitat de transmetre, transferir, copiar o moure dades de les nostres bases de dades a unes altres. Aix\u00f2 li atorga el dret al fet que, quan sigui t\u00e8cnicament possible, les seves dades personals es transfereixin directament. Si desitja exercir aquest dret, utilitzi algun dels canals que li indiquem al final d&#8217;aquesta secci\u00f3.  <\/li><li><strong>Dret de Rectificaci\u00f3:<\/strong> Vost\u00e8 T\u00e9 dret a fer que es rectifiquin les seves dades personals quan siguin inexactes o hagin deixat de ser v\u00e0lids o a fer que es completin quan siguin incomplets. Si desitja exercir aquest dret, utilitzi algun dels canals que li indiquem al final d&#8217;aquesta secci\u00f3. <\/li><li><strong>Dret d&#8217;Oposici\u00f3: <\/strong> Vost\u00e8 oposar-se en qualsevol moment a la nostra empresa tracti les seves dades personals. Si desitja exercir aquest dret, utilitzi algun dels canals que li indiquem al final d&#8217;aquesta secci\u00f3. <\/li><\/ul>\t\t\t\t\t\t\t\t<\/div>\n\t\t\t\t<\/div>\n\t\t\t\t<div class=\"elementor-element elementor-element-9c9bace elementor-widget elementor-widget-text-editor\" data-id=\"9c9bace\" data-element_type=\"widget\" data-e-type=\"widget\" data-widget_type=\"text-editor.default\">\n\t\t\t\t<div class=\"elementor-widget-container\">\n\t\t\t\t\t\t\t\t\t<p>Vost\u00e8 pot dirigir les comunicacions escrites per a l&#8217;exercici dels seus drets a:<\/p><p>Servicios Externalizados Flexser, S.A.<\/p><p>Pol.Ind. Can Roqueta, Ca n\u2019Alzina, 112, 08202 Sabadell, Barcelona <\/p><p>A67046920<\/p><p>Tamb\u00e9 pot dirigir les seves comunicacions a trav\u00e9s dels seg\u00fcents canals:<\/p><ul><li>Presencialment, en les nostres oficines<\/li><li>Per correu electr\u00f2nic a l&#8217;adre\u00e7a <a href=\"mailto:rgpd@airmatic.es\">rgpd@airmatic.es<\/a><\/li><li>Contactant al tel\u00e8fon <a href=\"http:\/\/+34937155990\" data-wplink-url-error=\"true\">+34 937 155 990<\/a> on estem a la seva disposici\u00f3 per a atendre-li.<\/li><\/ul>\t\t\t\t\t\t\t\t<\/div>\n\t\t\t\t<\/div>\n\t\t\t\t<div class=\"elementor-element elementor-element-53b85ba elementor-widget elementor-widget-text-editor\" data-id=\"53b85ba\" data-element_type=\"widget\" data-e-type=\"widget\" data-widget_type=\"text-editor.default\">\n\t\t\t\t<div class=\"elementor-widget-container\">\n\t\t\t\t\t\t\t\t\t<p>Les sol\u00b7licituds de dades enviades poden requerir que vost\u00e8 proporcioni la documentaci\u00f3 addicional necess\u00e0ria per a confirmar la seva identitat.<\/p><p>Tamb\u00e9 pot reclamar directament a l&#8217;Ag\u00e8ncia Espanyola de Protecci\u00f3 de Dades (AEPD) en aquestes situacions:<\/p><ol><li>Si ha sol\u00b7licitat exercir els seus drets i no ha rebut resposta del responsable del tractament en un mes.<\/li><li>Si ha rebut resposta, per\u00f2 no est\u00e0 d&#8217;acord amb ella.<\/li><li>Si creu que el responsable del tractament ha infringit la normativa de protecci\u00f3 de dades en alguna de les seves activitats.<\/li><\/ol>\t\t\t\t\t\t\t\t<\/div>\n\t\t\t\t<\/div>\n\t\t\t\t<div class=\"elementor-element elementor-element-42dfb93 elementor-widget elementor-widget-text-editor\" data-id=\"42dfb93\" data-element_type=\"widget\" data-e-type=\"widget\" data-widget_type=\"text-editor.default\">\n\t\t\t\t<div class=\"elementor-widget-container\">\n\t\t\t\t\t\t\t\t\t<p>En tot cas pot obtenir informaci\u00f3 general sobre la privacitat i la Protecci\u00f3 de Dades Personals en el seg\u00fcent enlla\u00e7: <a href=\"http:\/\/www.agpd.es\">www.agpd.es <\/a> <\/p>\t\t\t\t\t\t\t\t<\/div>\n\t\t\t\t<\/div>\n\t\t\t\t\t<\/div>\n\t\t\t\t<\/div>\n\t\t\t\t<\/div>\n\t\t","protected":false},"excerpt":{"rendered":"<p>IMPORTANT: li convidem al fet que llegeixi detingudament aquesta Declaraci\u00f3 de Privacitat per a con\u00e8ixer per qu\u00e8 recopilem les seves dades personals i com s\u00f3n processats aquestes dades per Servicios Externalizados Flexser, S.A., Pol.Ind. Can Roqueta, Ca n\u2019Alzina, 112, 08202 Sabadell, Barcelona , en relaci\u00f3 amb els assetjo\/s web que gestiona (d&#8217;ara endavant, els \u201cLlocs [&hellip;]<\/p>\n","protected":false},"author":1,"featured_media":0,"parent":0,"menu_order":0,"comment_status":"closed","ping_status":"closed","template":"elementor_header_footer","meta":{"footnotes":""},"class_list":["post-2133","page","type-page","status-publish","hentry"],"yoast_head":"<!-- This site is optimized with the Yoast SEO plugin v27.2 - https:\/\/yoast.com\/product\/yoast-seo-wordpress\/ -->\n<title>Pol\u00edtica de privacitat - Flexser<\/title>\n<meta name=\"robots\" content=\"index, follow, max-snippet:-1, max-image-preview:large, max-video-preview:-1\" \/>\n<link rel=\"canonical\" href=\"https:\/\/flexser.net\/ca\/politica-de-privadesa\/\" \/>\n<meta property=\"og:locale\" content=\"ca_ES\" \/>\n<meta property=\"og:type\" content=\"article\" \/>\n<meta property=\"og:title\" content=\"Pol\u00edtica de privacitat - Flexser\" \/>\n<meta property=\"og:description\" content=\"IMPORTANT: li convidem al fet que llegeixi detingudament aquesta Declaraci\u00f3 de Privacitat per a con\u00e8ixer per qu\u00e8 recopilem les seves dades personals i com s\u00f3n processats aquestes dades per Servicios Externalizados Flexser, S.A., Pol.Ind. Can Roqueta, Ca n\u2019Alzina, 112, 08202 Sabadell, Barcelona , en relaci\u00f3 amb els assetjo\/s web que gestiona (d&#8217;ara endavant, els \u201cLlocs [&hellip;]\" \/>\n<meta property=\"og:url\" content=\"https:\/\/flexser.net\/ca\/politica-de-privadesa\/\" \/>\n<meta property=\"og:site_name\" content=\"Flexser\" \/>\n<meta property=\"article:modified_time\" content=\"2025-11-17T09:37:46+00:00\" \/>\n<meta name=\"twitter:card\" content=\"summary_large_image\" \/>\n<meta name=\"twitter:label1\" content=\"Temps estimat de lectura\" \/>\n\t<meta name=\"twitter:data1\" content=\"20 minuts\" \/>\n<script type=\"application\/ld+json\" class=\"yoast-schema-graph\">{\"@context\":\"https:\/\/schema.org\",\"@graph\":[{\"@type\":\"WebPage\",\"@id\":\"https:\/\/flexser.net\/ca\/politica-de-privadesa\/\",\"url\":\"https:\/\/flexser.net\/ca\/politica-de-privadesa\/\",\"name\":\"Pol\u00edtica de privacitat - Flexser\",\"isPartOf\":{\"@id\":\"https:\/\/flexser.net\/ca\/#website\"},\"datePublished\":\"2025-09-02T10:49:34+00:00\",\"dateModified\":\"2025-11-17T09:37:46+00:00\",\"breadcrumb\":{\"@id\":\"https:\/\/flexser.net\/ca\/politica-de-privadesa\/#breadcrumb\"},\"inLanguage\":\"ca\",\"potentialAction\":[{\"@type\":\"ReadAction\",\"target\":[\"https:\/\/flexser.net\/ca\/politica-de-privadesa\/\"]}]},{\"@type\":\"BreadcrumbList\",\"@id\":\"https:\/\/flexser.net\/ca\/politica-de-privadesa\/#breadcrumb\",\"itemListElement\":[{\"@type\":\"ListItem\",\"position\":1,\"name\":\"Portada\",\"item\":\"https:\/\/flexser.net\/ca\/inici-flexser\/\"},{\"@type\":\"ListItem\",\"position\":2,\"name\":\"Pol\u00edtica de privacitat\"}]},{\"@type\":\"WebSite\",\"@id\":\"https:\/\/flexser.net\/ca\/#website\",\"url\":\"https:\/\/flexser.net\/ca\/\",\"name\":\"Flexser\",\"description\":\"Proveedor de sistemas y servicios de aire comprimido\",\"publisher\":{\"@id\":\"https:\/\/flexser.net\/ca\/#organization\"},\"potentialAction\":[{\"@type\":\"SearchAction\",\"target\":{\"@type\":\"EntryPoint\",\"urlTemplate\":\"https:\/\/flexser.net\/ca\/?s={search_term_string}\"},\"query-input\":{\"@type\":\"PropertyValueSpecification\",\"valueRequired\":true,\"valueName\":\"search_term_string\"}}],\"inLanguage\":\"ca\"},{\"@type\":\"Organization\",\"@id\":\"https:\/\/flexser.net\/ca\/#organization\",\"name\":\"Flexser\",\"url\":\"https:\/\/flexser.net\/ca\/\",\"logo\":{\"@type\":\"ImageObject\",\"inLanguage\":\"ca\",\"@id\":\"https:\/\/flexser.net\/ca\/#\/schema\/logo\/image\/\",\"url\":\"https:\/\/flexser.net\/wp-content\/uploads\/2025\/01\/Logo-Flexser.png\",\"contentUrl\":\"https:\/\/flexser.net\/wp-content\/uploads\/2025\/01\/Logo-Flexser.png\",\"width\":1260,\"height\":285,\"caption\":\"Flexser\"},\"image\":{\"@id\":\"https:\/\/flexser.net\/ca\/#\/schema\/logo\/image\/\"}}]}<\/script>\n<!-- \/ Yoast SEO plugin. -->","yoast_head_json":{"title":"Pol\u00edtica de privacitat - Flexser","robots":{"index":"index","follow":"follow","max-snippet":"max-snippet:-1","max-image-preview":"max-image-preview:large","max-video-preview":"max-video-preview:-1"},"canonical":"https:\/\/flexser.net\/ca\/politica-de-privadesa\/","og_locale":"ca_ES","og_type":"article","og_title":"Pol\u00edtica de privacitat - Flexser","og_description":"IMPORTANT: li convidem al fet que llegeixi detingudament aquesta Declaraci\u00f3 de Privacitat per a con\u00e8ixer per qu\u00e8 recopilem les seves dades personals i com s\u00f3n processats aquestes dades per Servicios Externalizados Flexser, S.A., Pol.Ind. Can Roqueta, Ca n\u2019Alzina, 112, 08202 Sabadell, Barcelona , en relaci\u00f3 amb els assetjo\/s web que gestiona (d&#8217;ara endavant, els \u201cLlocs [&hellip;]","og_url":"https:\/\/flexser.net\/ca\/politica-de-privadesa\/","og_site_name":"Flexser","article_modified_time":"2025-11-17T09:37:46+00:00","twitter_card":"summary_large_image","twitter_misc":{"Temps estimat de lectura":"20 minuts"},"schema":{"@context":"https:\/\/schema.org","@graph":[{"@type":"WebPage","@id":"https:\/\/flexser.net\/ca\/politica-de-privadesa\/","url":"https:\/\/flexser.net\/ca\/politica-de-privadesa\/","name":"Pol\u00edtica de privacitat - Flexser","isPartOf":{"@id":"https:\/\/flexser.net\/ca\/#website"},"datePublished":"2025-09-02T10:49:34+00:00","dateModified":"2025-11-17T09:37:46+00:00","breadcrumb":{"@id":"https:\/\/flexser.net\/ca\/politica-de-privadesa\/#breadcrumb"},"inLanguage":"ca","potentialAction":[{"@type":"ReadAction","target":["https:\/\/flexser.net\/ca\/politica-de-privadesa\/"]}]},{"@type":"BreadcrumbList","@id":"https:\/\/flexser.net\/ca\/politica-de-privadesa\/#breadcrumb","itemListElement":[{"@type":"ListItem","position":1,"name":"Portada","item":"https:\/\/flexser.net\/ca\/inici-flexser\/"},{"@type":"ListItem","position":2,"name":"Pol\u00edtica de privacitat"}]},{"@type":"WebSite","@id":"https:\/\/flexser.net\/ca\/#website","url":"https:\/\/flexser.net\/ca\/","name":"Flexser","description":"Proveedor de sistemas y servicios de aire comprimido","publisher":{"@id":"https:\/\/flexser.net\/ca\/#organization"},"potentialAction":[{"@type":"SearchAction","target":{"@type":"EntryPoint","urlTemplate":"https:\/\/flexser.net\/ca\/?s={search_term_string}"},"query-input":{"@type":"PropertyValueSpecification","valueRequired":true,"valueName":"search_term_string"}}],"inLanguage":"ca"},{"@type":"Organization","@id":"https:\/\/flexser.net\/ca\/#organization","name":"Flexser","url":"https:\/\/flexser.net\/ca\/","logo":{"@type":"ImageObject","inLanguage":"ca","@id":"https:\/\/flexser.net\/ca\/#\/schema\/logo\/image\/","url":"https:\/\/flexser.net\/wp-content\/uploads\/2025\/01\/Logo-Flexser.png","contentUrl":"https:\/\/flexser.net\/wp-content\/uploads\/2025\/01\/Logo-Flexser.png","width":1260,"height":285,"caption":"Flexser"},"image":{"@id":"https:\/\/flexser.net\/ca\/#\/schema\/logo\/image\/"}}]}},"_links":{"self":[{"href":"https:\/\/flexser.net\/ca\/wp-json\/wp\/v2\/pages\/2133","targetHints":{"allow":["GET"]}}],"collection":[{"href":"https:\/\/flexser.net\/ca\/wp-json\/wp\/v2\/pages"}],"about":[{"href":"https:\/\/flexser.net\/ca\/wp-json\/wp\/v2\/types\/page"}],"author":[{"embeddable":true,"href":"https:\/\/flexser.net\/ca\/wp-json\/wp\/v2\/users\/1"}],"replies":[{"embeddable":true,"href":"https:\/\/flexser.net\/ca\/wp-json\/wp\/v2\/comments?post=2133"}],"version-history":[{"count":0,"href":"https:\/\/flexser.net\/ca\/wp-json\/wp\/v2\/pages\/2133\/revisions"}],"wp:attachment":[{"href":"https:\/\/flexser.net\/ca\/wp-json\/wp\/v2\/media?parent=2133"}],"curies":[{"name":"wp","href":"https:\/\/api.w.org\/{rel}","templated":true}]}}